{"id":7704,"date":"2021-06-10T09:53:47","date_gmt":"2021-06-10T07:53:47","guid":{"rendered":"https:\/\/levitec.es\/quienes-somos\/"},"modified":"2024-04-30T10:07:32","modified_gmt":"2024-04-30T10:07:32","slug":"a-propos-de-nous","status":"publish","type":"page","link":"https:\/\/levitec.es\/fr\/a-propos-de-nous\/","title":{"rendered":"\u00c0 propos de nous"},"content":{"rendered":"\t\t<div data-elementor-type=\"wp-page\" data-elementor-id=\"7704\" class=\"elementor elementor-7704 elementor-90\" data-elementor-post-type=\"page\">\n\t\t\t\t\t\t<section class=\"elementor-section elementor-top-section elementor-element elementor-element-3852d03 elementor-section-height-min-height elementor-section-boxed elementor-section-height-default elementor-section-items-middle\" data-id=\"3852d03\" data-element_type=\"section\" data-e-type=\"section\" data-settings=\"{&quot;background_background&quot;:&quot;classic&quot;}\">\n\t\t\t\t\t\t\t<div class=\"elementor-background-overlay\"><\/div>\n\t\t\t\t\t\t\t<div class=\"elementor-container elementor-column-gap-default\">\n\t\t\t\t\t<div class=\"elementor-column elementor-col-100 elementor-top-column elementor-element elementor-element-d2ffa79\" data-id=\"d2ffa79\" data-element_type=\"column\" data-e-type=\"column\">\n\t\t\t<div class=\"elementor-widget-wrap elementor-element-populated\">\n\t\t\t\t\t\t<div class=\"elementor-element elementor-element-7223c93 elementor-widget elementor-widget-heading\" data-id=\"7223c93\" data-element_type=\"widget\" data-e-type=\"widget\" data-widget_type=\"heading.default\">\n\t\t\t\t\t<h1 class=\"elementor-heading-title elementor-size-default\">\u00c0 propos de nous<\/h1>\t\t\t\t<\/div>\n\t\t\t\t<div class=\"elementor-element elementor-element-28e865d elementor-widget-divider--view-line elementor-widget elementor-widget-divider\" data-id=\"28e865d\" data-element_type=\"widget\" data-e-type=\"widget\" data-widget_type=\"divider.default\">\n\t\t\t\t\t\t\t<div class=\"elementor-divider\">\n\t\t\t<span class=\"elementor-divider-separator\">\n\t\t\t\t\t\t<\/span>\n\t\t<\/div>\n\t\t\t\t\t\t<\/div>\n\t\t\t\t<div class=\"elementor-element elementor-element-f209dff elementor-widget elementor-widget-shortcode\" data-id=\"f209dff\" data-element_type=\"widget\" data-e-type=\"widget\" data-widget_type=\"shortcode.default\">\n\t\t\t\t\t\t\t<div class=\"elementor-shortcode\"><span class=\"oceanwp-breadcrumb\"><nav role=\"navigation\" aria-label=\"Fil d\u2019Ariane\" class=\"site-breadcrumbs clr position-\"><ol class=\"trail-items\" ><meta name=\"numberOfItems\" content=\"1\" \/><meta name=\"itemListOrder\" content=\"Ascending\" \/><li class=\"trail-item trail-end\" ><span itemprop=\"name\"><a href=\"https:\/\/levitec.es\/fr\/\" rel=\"home\" aria-label=\"Accueil\"><i class=\" icon-home\" aria-hidden=\"true\" role=\"img\"><\/i><span class=\"breadcrumb-home has-icon\">Accueil<\/span><\/a><\/span><meta itemprop=\"position\" content=\"1\" \/><\/li><\/ol><\/nav><\/span><\/div>\n\t\t\t\t\t\t<\/div>\n\t\t\t\t\t<\/div>\n\t\t<\/div>\n\t\t\t\t\t<\/div>\n\t\t<\/section>\n\t\t\t\t<section class=\"elementor-section elementor-top-section elementor-element elementor-element-8ceed8c elementor-section-content-bottom elementor-section-boxed elementor-section-height-default elementor-section-height-default\" data-id=\"8ceed8c\" data-element_type=\"section\" data-e-type=\"section\" data-settings=\"{&quot;background_background&quot;:&quot;classic&quot;}\">\n\t\t\t\t\t\t<div class=\"elementor-container elementor-column-gap-no\">\n\t\t\t\t\t<div class=\"elementor-column elementor-col-50 elementor-top-column elementor-element elementor-element-6b5adfa\" data-id=\"6b5adfa\" data-element_type=\"column\" data-e-type=\"column\">\n\t\t\t<div class=\"elementor-widget-wrap elementor-element-populated\">\n\t\t\t\t\t\t<div class=\"elementor-element elementor-element-8237ba0 elementor-widget elementor-widget-heading\" data-id=\"8237ba0\" data-element_type=\"widget\" data-e-type=\"widget\" data-widget_type=\"heading.default\">\n\t\t\t\t\t<p class=\"elementor-heading-title elementor-size-default\">levitec<\/p>\t\t\t\t<\/div>\n\t\t\t\t<div class=\"elementor-element elementor-element-cd4aa26 elementor-widget elementor-widget-heading\" data-id=\"cd4aa26\" data-element_type=\"widget\" data-e-type=\"widget\" data-widget_type=\"heading.default\">\n\t\t\t\t\t<span class=\"elementor-heading-title elementor-size-default\">Origine, croissance et <span style=\"color: #009578\">valeurs humaines<\/span><br><\/span>\t\t\t\t<\/div>\n\t\t\t\t<div class=\"elementor-element elementor-element-5172ad8 elementor-widget elementor-widget-text-editor\" data-id=\"5172ad8\" data-element_type=\"widget\" data-e-type=\"widget\" data-widget_type=\"text-editor.default\">\n\t\t\t\t\t\t\t\t\t<p>Levitec est une entreprise qui, depuis sa cr\u00e9ation, a cr\u00e9\u00e9 et d\u00e9velopp\u00e9 de nouveaux secteurs d&rsquo;activit\u00e9 en se concentrant sur :<\/p><ul><li>Projets d&rsquo;installation \u00e9lectrique et m\u00e9canique dans les secteurs logistique, industriel et tertiaire.<\/li><li>\u00c9nergies renouvelables.<\/li><li>Centres de donn\u00e9es.<\/li><li>Maintenance compl\u00e8te des installations.<\/li><\/ul>\t\t\t\t\t\t\t\t<\/div>\n\t\t\t\t\t<\/div>\n\t\t<\/div>\n\t\t\t\t<div class=\"elementor-column elementor-col-50 elementor-top-column elementor-element elementor-element-ea31abd\" data-id=\"ea31abd\" data-element_type=\"column\" data-e-type=\"column\">\n\t\t\t<div class=\"elementor-widget-wrap elementor-element-populated\">\n\t\t\t\t\t\t<div class=\"elementor-element elementor-element-40c3322 elementor-widget elementor-widget-text-editor\" data-id=\"40c3322\" data-element_type=\"widget\" data-e-type=\"widget\" data-widget_type=\"text-editor.default\">\n\t\t\t\t\t\t\t\t\t<p>Nous assurons la gestion et le suivi de chaque projet d\u00e8s la phase initiale, avec des professionnels qualifi\u00e9s garantissant une qualit\u00e9 et une efficacit\u00e9 maximales jusqu&rsquo;au service apr\u00e8s-vente. Actuellement, l&rsquo;entreprise op\u00e8re sur l&rsquo;ensemble du territoire national.<\/p><p>Notre objectif est de poursuivre notre croissance mondiale avec une nouvelle vision d&rsquo;entreprise ax\u00e9e sur la durabilit\u00e9 et la valeur humaine. Nous b\u00e9n\u00e9ficions d&rsquo;experts du secteur hautement qualifi\u00e9s et exp\u00e9riment\u00e9s qui contribuent \u00e0 l&rsquo;\u00e9volution continue de Levitec.<\/p><p>Chez Levitec, nous sommes toujours pr\u00eats \u00e0 relever de nouveaux d\u00e9fis.<\/p>\t\t\t\t\t\t\t\t<\/div>\n\t\t\t\t\t<\/div>\n\t\t<\/div>\n\t\t\t\t\t<\/div>\n\t\t<\/section>\n\t\t\t\t<section class=\"elementor-section elementor-top-section elementor-element elementor-element-c6c22b3 elementor-section-boxed elementor-section-height-default elementor-section-height-default\" data-id=\"c6c22b3\" data-element_type=\"section\" data-e-type=\"section\">\n\t\t\t\t\t\t<div class=\"elementor-container elementor-column-gap-no\">\n\t\t\t\t\t<div class=\"elementor-column elementor-col-100 elementor-top-column elementor-element elementor-element-b43d32d\" data-id=\"b43d32d\" data-element_type=\"column\" data-e-type=\"column\">\n\t\t\t<div class=\"elementor-widget-wrap elementor-element-populated\">\n\t\t\t\t\t\t<div class=\"elementor-element elementor-element-46f5f46 elementor-widget elementor-widget-mdp-timeliner-elementor\" data-id=\"46f5f46\" data-element_type=\"widget\" data-e-type=\"widget\" data-widget_type=\"mdp-timeliner-elementor.default\">\n\t\t\t\t<div class=\"elementor-widget-container\">\n\t\t\t\t\t\n        <!-- Start Timeliner WordPress Plugin -->\n\n        <div id=\"mdp-timeline-46f5f46\" class=\"timeline mdp-timeline-46f5f46\">\n            <div class=\"timeline__wrap\">\n                <div class=\"timeline__items\">\n                    \n       <div class=\"timeline__item\">\n            <div class=\"timeline__content\">\n                \n        <img decoding=\"async\" src=\"https:\/\/levitec.es\/wp-content\/uploads\/2021\/11\/levitec-2002-el-origen.jpg\"\n             class=\"mdp-timeliner-image\"\n             alt=\"\"\/>\n\n                <h3 class=\"mdp-timeliner-title\">\n            <span><\/span>\n            2002 L&#039;origine            <span><\/span>\n        <\/h3>\n            <p class=\"mdp-timeliner-description\">\n            <span><\/span>\n            L'origine de Levitec Sistemas, S.L. remonte \u00e0 l'ann\u00e9e 2002 dans la province de Huesca. Au d\u00e9part, il s'agissait d'une entreprise g\u00e9r\u00e9e par deux \u00e9lectriciens ind\u00e9pendants, dont l'activit\u00e9 se concentrait sur le d\u00e9veloppement de projets \u00e9lectriques de moyenne et basse tension dans les secteurs logistique et industriel.Ses d\u00e9buts co\u00efncident avec l'attribution d'un premier grand contrat. \"Nous n'aurions jamais imagin\u00e9 ce que deviendrait Levitec, \u00a0alors que notre seul objectif, en tant qu'\u00e9lectriciens locaux, \u00e9tait d'avoir un emploi dans notre r\u00e9gion pour \u00eatre proches de nos familles\", selon les mots de Pablo Lera, associ\u00e9 fondateur et actuel pr\u00e9sident ex\u00e9cutif de l'entreprise.            <span><\/span>\n        <\/p>\n              <\/div>\n       <\/div>\n\n    \n       <div class=\"timeline__item\">\n            <div class=\"timeline__content\">\n                \n        <img decoding=\"async\" src=\"https:\/\/levitec.es\/wp-content\/uploads\/2021\/11\/2003-2005-levitec-consolidacion-de-la-sociedad.jpg\"\n             class=\"mdp-timeliner-image\"\n             alt=\"\"\/>\n\n                <h3 class=\"mdp-timeliner-title\">\n            <span><\/span>\n            2003 - 2005. Consolidation de l&#039;entreprise            <span><\/span>\n        <\/h3>\n            <p class=\"mdp-timeliner-description\">\n            <span><\/span>\n            Ces ann\u00e9es ont \u00e9t\u00e9 cruciales pour la consolidation de l'entreprise avec des projets embl\u00e9matiques en Aragon tels que la gare multimodale de Delicias et un contrat d'\u00e9lectrification, d'automatisation et de supervision du canal Cinco Villas (60 km) entre autres.            <span><\/span>\n        <\/p>\n              <\/div>\n       <\/div>\n\n    \n       <div class=\"timeline__item\">\n            <div class=\"timeline__content\">\n                \n        <img decoding=\"async\" src=\"https:\/\/levitec.es\/wp-content\/uploads\/2021\/11\/levitec-2009-2010-nuestro-valor-anadido.jpg\"\n             class=\"mdp-timeliner-image\"\n             alt=\"\"\/>\n\n                <h3 class=\"mdp-timeliner-title\">\n            <span><\/span>\n            2009 - 2010. Notre valeur ajout\u00e9e            <span><\/span>\n        <\/h3>\n            <p class=\"mdp-timeliner-description\">\n            <span><\/span>\n            En f\u00e9vrier 2009, le premier ing\u00e9nieur a rejoint l'entreprise. Depuis lors, notre personnel est devenu notre valeur diff\u00e9rentielle dans le secteur. \u00a0C\u2019est aussi l\u2019ann\u00e9e d\u2019ouverture de nos bureaux de Saragosse.En 2010, Jaime Galindo devient associ\u00e9, apr\u00e8s avoir travaill\u00e9 dans le service technique et commercial, et cette ann\u00e9e-l\u00e0 il ex\u00e9cute plus de 50 000 m\u00b2 de projets dans les secteurs logistique et industriel.            <span><\/span>\n        <\/p>\n              <\/div>\n       <\/div>\n\n    \n       <div class=\"timeline__item\">\n            <div class=\"timeline__content\">\n                \n        <img decoding=\"async\" src=\"https:\/\/levitec.es\/wp-content\/uploads\/2021\/11\/2012-levitec-instalaciones-mecanicas-hm-madrid.jpg\"\n             class=\"mdp-timeliner-image\"\n             alt=\"\"\/>\n\n                <h3 class=\"mdp-timeliner-title\">\n            <span><\/span>\n            2012. Installations m\u00e9caniques et H&amp;M Madrid            <span><\/span>\n        <\/h3>\n            <p class=\"mdp-timeliner-description\">\n            <span><\/span>\n            En 2012, apr\u00e8s 10 ans de croissance, l'entreprise entame un processus de diversification et cr\u00e9e le d\u00e9partement des installations m\u00e9caniques, d\u00e9veloppant des projets de climatisation et de CVC.La m\u00eame ann\u00e9e, Levitec signe le premier projet d'installation compl\u00e8te pour le groupe textile H&amp;M \u00e0 Torrej\u00f3n (Madrid) sur une plateforme logistique de 40 000 m\u00b2. Ce projet d\u00e9montre le professionnalisme avec lequel l'entreprise aborde toujours les nouveaux projets, en optimisant les options techniques et \u00e9conomiques pour offrir aux clients les meilleures solutions, tout en respectant les d\u00e9lais fix\u00e9s.            <span><\/span>\n        <\/p>\n              <\/div>\n       <\/div>\n\n    \n       <div class=\"timeline__item\">\n            <div class=\"timeline__content\">\n                \n        <img decoding=\"async\" src=\"https:\/\/levitec.es\/wp-content\/uploads\/2021\/11\/2013-2015-levitec-internacionalizacion.jpg\"\n             class=\"mdp-timeliner-image\"\n             alt=\"\"\/>\n\n                <h3 class=\"mdp-timeliner-title\">\n            <span><\/span>\n            2013 - 2015. Internationalisation            <span><\/span>\n        <\/h3>\n            <p class=\"mdp-timeliner-description\">\n            <span><\/span>\n            En 2013, l'entreprise a fait ses premiers pas vers l'internationalisation. Levitec s'est associ\u00e9 \u00e0 Madec Electricit\u00e9, une entreprise leader en France avec plus de 50 ans d'exp\u00e9rience dans les installations du secteur commercial (ce partenariat est aujourd'hui dissous).Au cours de ces ann\u00e9es, nos employ\u00e9s ont commenc\u00e9 \u00e0 r\u00e9aliser des projets \u00e0 l\u2019\u00e9tranger\u00a0: en particulier en Italie, en Allemagne et au Portugal.            <span><\/span>\n        <\/p>\n              <\/div>\n       <\/div>\n\n    \n       <div class=\"timeline__item\">\n            <div class=\"timeline__content\">\n                \n        <img decoding=\"async\" src=\"https:\/\/levitec.es\/wp-content\/uploads\/2021\/11\/2016-levitec-despegue-de-levitec.jpg\"\n             class=\"mdp-timeliner-image\"\n             alt=\"\"\/>\n\n                <h3 class=\"mdp-timeliner-title\">\n            <span><\/span>\n            2016 Levitec D\u00e9colle            <span><\/span>\n        <\/h3>\n            <p class=\"mdp-timeliner-description\">\n            <span><\/span>\n            En 2016, des \u00e9tapes importantes ont \u00e9t\u00e9 franchies qui ont fa\u00e7onn\u00e9 l'avenir de l'entreprise, telles que l'ouverture d'un bureau \u00e0 Madrid pour avoir une pr\u00e9sence physique au niveau nationale en dehors de l'Aragon. Levitec a connu une croissance exponentielle avec un chiffre d'affaires de plus de 12 millions d'euros.Pour la direction de Levitec, ses \u00e9quipes ont toujours \u00e9t\u00e9 le plus grand atout de l'entreprise. En 2016, elle a introduit et mis en \u0153uvre des processus de coaching et d'intelligence \u00e9motionnelle pour ses employ\u00e9s afin de valoriser les talents.            <span><\/span>\n        <\/p>\n              <\/div>\n       <\/div>\n\n    \n       <div class=\"timeline__item\">\n            <div class=\"timeline__content\">\n                \n        <img decoding=\"async\" src=\"https:\/\/levitec.es\/wp-content\/uploads\/2021\/11\/levitec-2017-2018-primeros-reconocimientos.jpg\"\n             class=\"mdp-timeliner-image\"\n             alt=\"\"\/>\n\n                <h3 class=\"mdp-timeliner-title\">\n            <span><\/span>\n            2017 - 2018. Premi\u00e8res reconnaissances            <span><\/span>\n        <\/h3>\n            <p class=\"mdp-timeliner-description\">\n            <span><\/span>\n            Levitec a commenc\u00e9 \u00e0 \u00eatre reconnue d'abord au niveau r\u00e9gional puis au niveau national.En 2017, elle a re\u00e7u le prix Aragon Business Huesca, et en 2018, elle a \u00e9t\u00e9 s\u00e9lectionn\u00e9e pour le prix ADEA Directors' Award.La forte pr\u00e9sence de l'entreprise dans la zone orientale de la province de Huesca (Barbastro, Bin\u00e9far, Monz\u00f3n et toute la zone de la Litera) a conduit \u00e0 la d\u00e9cision d'ouvrir un nouveau bureau \u00e0 Bin\u00e9far.            <span><\/span>\n        <\/p>\n              <\/div>\n       <\/div>\n\n    \n       <div class=\"timeline__item\">\n            <div class=\"timeline__content\">\n                \n        <img decoding=\"async\" src=\"https:\/\/levitec.es\/wp-content\/uploads\/2021\/11\/2019-2020-empieza-la-transformacion-levitec.jpg\"\n             class=\"mdp-timeliner-image\"\n             alt=\"\"\/>\n\n                <h3 class=\"mdp-timeliner-title\">\n            <span><\/span>\n            2019 - 2020. La transformation commence            <span><\/span>\n        <\/h3>\n            <p class=\"mdp-timeliner-description\">\n            <span><\/span>\n            L'entreprise met en \u0153uvre une transformation et une restructuration interne. En 2019, elle a d\u00e9cid\u00e9 d'aller plus loin et de faire du d\u00e9veloppement durable l'un des piliers fondamentaux de l'entreprise en int\u00e9grant le d\u00e9partement des \u00e9nergies renouvelables \u00e0 sa structure fonctionnelle.La m\u00eame ann\u00e9e, par l'interm\u00e9diaire de l'ESIC Business &amp; Marketing School et d'Expansi\u00f3n, Levitec a \u00e9t\u00e9 reconnue comme un \"Cas de r\u00e9ussite aragonais\".\u00a0Un projet cl\u00e9 r\u00e9alis\u00e9 cette ann\u00e9e-l\u00e0 a \u00e9t\u00e9 l'abattoir de Litera Meat, qui a permis de r\u00e9aliser avec succ\u00e8s les installations \u00e9lectriques et m\u00e9caniques du plus grand abattoir d'Europe, en coordonnant jusqu'\u00e0 100 personnes simultan\u00e9ment sur le m\u00eame projet.En 2020, d'autres secteurs d'activit\u00e9 tels que la maintenance et l'autoconsommation ont \u00e9t\u00e9 renforc\u00e9s et d\u00e9velopp\u00e9s. Jos\u00e9 Agust\u00edn Lalaguna rejoint le conseil d'administration en tant que PDG, et Levitec signe un accord d'entreprise avec Forestalia.            <span><\/span>\n        <\/p>\n              <\/div>\n       <\/div>\n\n    \n       <div class=\"timeline__item\">\n            <div class=\"timeline__content\">\n                \n        <img decoding=\"async\" src=\"https:\/\/levitec.es\/wp-content\/uploads\/2021\/11\/2021-un-nuevo-levitec-1.jpg\"\n             class=\"mdp-timeliner-image\"\n             alt=\"\"\/>\n\n                <h3 class=\"mdp-timeliner-title\">\n            <span><\/span>\n            2020-2021 Un nouveau Levitec            <span><\/span>\n        <\/h3>\n            <p class=\"mdp-timeliner-description\">\n            <span><\/span>\n            D\u00e8s le d\u00e9but, Levitec a connu une croissance constante et continue, tant en termes d'ex\u00e9cution de projets que de chiffre d'affaires. Chez Levitec on accorde une importance primordiale aux clients, aux fournisseurs et aux travailleurs en tant que parties prenantes et moteurs de l'am\u00e9lioration et de la croissance de l'entreprise.Au 31 juillet 2021, l'entreprise compte 170 employ\u00e9s directs, dont 74 ing\u00e9nieurs sp\u00e9cialis\u00e9s, et plus de 250 personnes travaillent indirectement pour elle. Afin de communiquer son nouveau positionnement, Levitec change toute son image de marque, depuis la marque institutionnelle, son site web et tous ses canaux d'interaction avec le public.En octobre 2021, nous avons re\u00e7u le prix Talento Empleo Arag\u00f3n dans la cat\u00e9gorie PME. Cette distinction salue notre engagement \u00e0 cr\u00e9er des emplois stables de qualit\u00e9 et \u00e0 accompagner l'\u00e9panouissement professionnel de nos collaborateurs.Levitec s'est impos\u00e9e comme une entreprise exemplaire en mati\u00e8re de transparence, de durabilit\u00e9 et d'engagement social.            <span><\/span>\n        <\/p>\n              <\/div>\n       <\/div>\n\n    \n       <div class=\"timeline__item\">\n            <div class=\"timeline__content\">\n                \n        <img decoding=\"async\" src=\"https:\/\/levitec.es\/wp-content\/uploads\/2022\/12\/levitec-ano-2022.jpg\"\n             class=\"mdp-timeliner-image\"\n             alt=\"\"\/>\n\n                <h3 class=\"mdp-timeliner-title\">\n            <span><\/span>\n            2022 Nouvelle ligne d&#039;activit\u00e9 et Portugal            <span><\/span>\n        <\/h3>\n            <p class=\"mdp-timeliner-description\">\n            <span><\/span>\n            20 ans depuis sa cr\u00e9ation, Levitec compte maintenant 250 employ\u00e9s et plus de 2 000 clients fid\u00e8les.\u00a0L'ann\u00e9e 2021 a marqu\u00e9 la naissance de notre division Datacenters, laquelle s'est rapidement vue confier quatre projets majeurs. Notre expertise en ing\u00e9nierie y joue un r\u00f4le crucial, tant au niveau technico-commercial qu'en mati\u00e8re de r\u00e9alisation concr\u00e8te.Levitec renoue avec ses engagements au Portugal, marquant ainsi son retour sur ce march\u00e9 prometteur apr\u00e8s une p\u00e9riode d'exclusivit\u00e9 sur le territoire national.En juin, Sa Majest\u00e9 le Roi Felipe VI nous remet le Prix Sp\u00e9cial Entreprise d'Aragon 2022 d\u00e9cern\u00e9 par la CEOE Aragon pour notre croissance \u00e9conomique constante.            <span><\/span>\n        <\/p>\n              <\/div>\n       <\/div>\n\n    \n       <div class=\"timeline__item\">\n            <div class=\"timeline__content\">\n                \n        <img decoding=\"async\" src=\"https:\/\/levitec.es\/wp-content\/uploads\/2024\/01\/Foto-Hito-2023.jpg\"\n             class=\"mdp-timeliner-image\"\n             alt=\"\"\/>\n\n                <h3 class=\"mdp-timeliner-title\">\n            <span><\/span>\n            2023 De PME \u00e0 Grande Entreprise            <span><\/span>\n        <\/h3>\n            <p class=\"mdp-timeliner-description\">\n            <span><\/span>\n            Nous avons termin\u00e9 l'ann\u00e9e avec plus de 300 employ\u00e9s, dont 14 bas\u00e9s dans notre si\u00e8ge social au Portugal. Cette augmentation de notre effectif refl\u00e8te notre engagement envers l'excellence op\u00e9rationnelle, la satisfaction client et la capacit\u00e9 \u00e0 offrir des solutions de pointe dans toutes nos unit\u00e9s d'affaires.En t\u00e9moignage de notre engagement envers l'excellence et la responsabilit\u00e9 sociale des entreprises au cours de cette ann\u00e9e, nous avons re\u00e7u plusieurs distinctions :<ol><li>Prix de la trajectoire d'entreprise dans le secteur de l'\u00e9nergie.<\/li><li>Prix des bonnes pratiques en mati\u00e8re de gestion de la diversit\u00e9, d'interculturalit\u00e9 et de migration en Aragon.<\/li><li>Distinction pour notre collaboration exemplaire dans l'enseignement du travail et notre contribution au d\u00e9veloppement des talents et \u00e0 l'employabilit\u00e9.<\/li><\/ol>            <span><\/span>\n        <\/p>\n              <\/div>\n       <\/div>\n\n                    <\/div>\n            <\/div>\n        <\/div>\n\n        <script>jQuery( window ).on( 'elementor\/frontend\/init', function(){window.MDPTimeliner_46f5f46 = function () {jQuery('#mdp-timeline-46f5f46').timeline({\nverticalStartPosition: 'left',\nverticalTrigger: '150'\n});}; \nwindow.MDPTimeliner_46f5f46();});<\/script>\n\n        <!-- End Timeliner WordPress Plugin -->\n\t    \t\t\t\t<\/div>\n\t\t\t\t<\/div>\n\t\t\t\t\t<\/div>\n\t\t<\/div>\n\t\t\t\t\t<\/div>\n\t\t<\/section>\n\t\t\t\t<section class=\"elementor-section elementor-top-section elementor-element elementor-element-00df063 elementor-section-boxed elementor-section-height-default elementor-section-height-default\" data-id=\"00df063\" data-element_type=\"section\" data-e-type=\"section\" data-settings=\"{&quot;background_background&quot;:&quot;classic&quot;}\">\n\t\t\t\t\t\t<div class=\"elementor-container elementor-column-gap-no\">\n\t\t\t\t\t<div class=\"elementor-column elementor-col-50 elementor-top-column elementor-element elementor-element-21e358e\" data-id=\"21e358e\" data-element_type=\"column\" data-e-type=\"column\">\n\t\t\t<div class=\"elementor-widget-wrap elementor-element-populated\">\n\t\t\t\t\t\t<div class=\"elementor-element elementor-element-5418676 elementor-widget elementor-widget-heading\" data-id=\"5418676\" data-element_type=\"widget\" data-e-type=\"widget\" data-widget_type=\"heading.default\">\n\t\t\t\t\t<span class=\"elementor-heading-title elementor-size-default\">Nous nous engageons  <span style=\"color: #009578\">\u00e0 \u00eatre durables vis-\u00e0-vis de l'environnement<\/span><br><\/span>\t\t\t\t<\/div>\n\t\t\t\t\t<\/div>\n\t\t<\/div>\n\t\t\t\t<div class=\"elementor-column elementor-col-50 elementor-top-column elementor-element elementor-element-3af58d5\" data-id=\"3af58d5\" data-element_type=\"column\" data-e-type=\"column\">\n\t\t\t<div class=\"elementor-widget-wrap elementor-element-populated\">\n\t\t\t\t\t\t<div class=\"elementor-element elementor-element-61c6101 elementor-widget elementor-widget-text-editor\" data-id=\"61c6101\" data-element_type=\"widget\" data-e-type=\"widget\" data-widget_type=\"text-editor.default\">\n\t\t\t\t\t\t\t\t\t<p>de nos employ\u00e9s et de nos clients<\/p>\t\t\t\t\t\t\t\t<\/div>\n\t\t\t\t<div class=\"elementor-element elementor-element-c222550 elementor-widget elementor-widget-text-editor\" data-id=\"c222550\" data-element_type=\"widget\" data-e-type=\"widget\" data-widget_type=\"text-editor.default\">\n\t\t\t\t\t\t\t\t\t<p>La trajectoire et l&rsquo;\u00e9volution de LEVITEC nous ont amen\u00e9s \u00e0 repenser notre vision d&rsquo;entreprise. La plan\u00e8te a besoin de processus engag\u00e9s envers l&rsquo;environnement et la soci\u00e9t\u00e9. Nous proposons des solutions renouvelables et menons des actions sociales.<\/p>\t\t\t\t\t\t\t\t<\/div>\n\t\t\t\t\t<\/div>\n\t\t<\/div>\n\t\t\t\t\t<\/div>\n\t\t<\/section>\n\t\t\t\t<\/div>\n\t\t","protected":false},"excerpt":{"rendered":"<p>\u00c0 propos de nous levitec Origine, croissance et valeurs humaines Levitec est une entreprise qui, depuis sa cr\u00e9ation, a cr\u00e9\u00e9 et d\u00e9velopp\u00e9 de nouveaux secteurs d&rsquo;activit\u00e9 en se concentrant sur : Projets d&rsquo;installation \u00e9lectrique et m\u00e9canique dans les secteurs logistique, industriel et tertiaire. \u00c9nergies renouvelables. Centres de donn\u00e9es. Maintenance compl\u00e8te des installations. Nous assurons la [&hellip;]<\/p>\n","protected":false},"author":3,"featured_media":0,"parent":0,"menu_order":0,"comment_status":"closed","ping_status":"closed","template":"elementor_header_footer","meta":{"ocean_post_layout":"full-screen","ocean_both_sidebars_style":"","ocean_both_sidebars_content_width":0,"ocean_both_sidebars_sidebars_width":0,"ocean_sidebar":"0","ocean_second_sidebar":"0","ocean_disable_margins":"enable","ocean_add_body_class":"","ocean_shortcode_before_top_bar":"","ocean_shortcode_after_top_bar":"","ocean_shortcode_before_header":"","ocean_shortcode_after_header":"","ocean_has_shortcode":"","ocean_shortcode_after_title":"","ocean_shortcode_before_footer_widgets":"","ocean_shortcode_after_footer_widgets":"","ocean_shortcode_before_footer_bottom":"","ocean_shortcode_after_footer_bottom":"","ocean_display_top_bar":"default","ocean_display_header":"default","ocean_header_style":"","ocean_center_header_left_menu":"0","ocean_custom_header_template":"0","ocean_custom_logo":0,"ocean_custom_retina_logo":0,"ocean_custom_logo_max_width":0,"ocean_custom_logo_tablet_max_width":0,"ocean_custom_logo_mobile_max_width":0,"ocean_custom_logo_max_height":0,"ocean_custom_logo_tablet_max_height":0,"ocean_custom_logo_mobile_max_height":0,"ocean_header_custom_menu":"0","ocean_menu_typo_font_family":"0","ocean_menu_typo_font_subset":"","ocean_menu_typo_font_size":0,"ocean_menu_typo_font_size_tablet":0,"ocean_menu_typo_font_size_mobile":0,"ocean_menu_typo_font_size_unit":"px","ocean_menu_typo_font_weight":"","ocean_menu_typo_font_weight_tablet":"","ocean_menu_typo_font_weight_mobile":"","ocean_menu_typo_transform":"","ocean_menu_typo_transform_tablet":"","ocean_menu_typo_transform_mobile":"","ocean_menu_typo_line_height":0,"ocean_menu_typo_line_height_tablet":0,"ocean_menu_typo_line_height_mobile":0,"ocean_menu_typo_line_height_unit":"","ocean_menu_typo_spacing":0,"ocean_menu_typo_spacing_tablet":0,"ocean_menu_typo_spacing_mobile":0,"ocean_menu_typo_spacing_unit":"","ocean_menu_link_color":"","ocean_menu_link_color_hover":"","ocean_menu_link_color_active":"","ocean_menu_link_background":"","ocean_menu_link_hover_background":"","ocean_menu_link_active_background":"","ocean_menu_social_links_bg":"","ocean_menu_social_hover_links_bg":"","ocean_menu_social_links_color":"","ocean_menu_social_hover_links_color":"","ocean_disable_title":"on","ocean_disable_heading":"default","ocean_post_title":"","ocean_post_subheading":"","ocean_post_title_style":"","ocean_post_title_background_color":"","ocean_post_title_background":0,"ocean_post_title_bg_image_position":"","ocean_post_title_bg_image_attachment":"","ocean_post_title_bg_image_repeat":"","ocean_post_title_bg_image_size":"","ocean_post_title_height":0,"ocean_post_title_bg_overlay":0.5,"ocean_post_title_bg_overlay_color":"","ocean_disable_breadcrumbs":"default","ocean_breadcrumbs_color":"","ocean_breadcrumbs_separator_color":"","ocean_breadcrumbs_links_color":"","ocean_breadcrumbs_links_hover_color":"","ocean_display_footer_widgets":"default","ocean_display_footer_bottom":"default","ocean_custom_footer_template":"0","osh_disable_topbar_sticky":"default","osh_disable_header_sticky":"default","osh_sticky_header_style":"default","osh_sticky_header_effect":"","osh_custom_sticky_logo":0,"osh_custom_retina_sticky_logo":0,"osh_custom_sticky_logo_height":0,"osh_background_color":"","osh_links_color":"","osh_links_hover_color":"","osh_links_active_color":"","osh_links_bg_color":"","osh_links_hover_bg_color":"","osh_links_active_bg_color":"","osh_menu_social_links_color":"","osh_menu_social_hover_links_color":"","h5ap_radio_sources":[],"footnotes":""},"class_list":["post-7704","page","type-page","status-publish","hentry","entry"],"_links":{"self":[{"href":"https:\/\/levitec.es\/fr\/wp-json\/wp\/v2\/pages\/7704","targetHints":{"allow":["GET"]}}],"collection":[{"href":"https:\/\/levitec.es\/fr\/wp-json\/wp\/v2\/pages"}],"about":[{"href":"https:\/\/levitec.es\/fr\/wp-json\/wp\/v2\/types\/page"}],"author":[{"embeddable":true,"href":"https:\/\/levitec.es\/fr\/wp-json\/wp\/v2\/users\/3"}],"replies":[{"embeddable":true,"href":"https:\/\/levitec.es\/fr\/wp-json\/wp\/v2\/comments?post=7704"}],"version-history":[{"count":8,"href":"https:\/\/levitec.es\/fr\/wp-json\/wp\/v2\/pages\/7704\/revisions"}],"predecessor-version":[{"id":7713,"href":"https:\/\/levitec.es\/fr\/wp-json\/wp\/v2\/pages\/7704\/revisions\/7713"}],"wp:attachment":[{"href":"https:\/\/levitec.es\/fr\/wp-json\/wp\/v2\/media?parent=7704"}],"curies":[{"name":"wp","href":"https:\/\/api.w.org\/{rel}","templated":true}]}}